{"id":4482,"date":"2022-08-29T20:13:12","date_gmt":"2022-08-29T20:13:12","guid":{"rendered":"https:\/\/blabjorg.is\/afbokunarskilmalar\/"},"modified":"2024-02-19T11:25:29","modified_gmt":"2024-02-19T11:25:29","slug":"afbokunarskilmalar","status":"publish","type":"page","link":"https:\/\/blabjorg.is\/is\/afbokunarskilmalar\/","title":{"rendered":"Afb\u00f3kunarskilm\u00e1lar"},"content":{"rendered":"\t\t<div data-elementor-type=\"wp-page\" data-elementor-id=\"4482\" class=\"elementor elementor-4482 elementor-535\" data-elementor-post-type=\"page\">\n\t\t\t\t\t\t<section class=\"elementor-section elementor-top-section elementor-element elementor-element-39cf6360 elementor-section-boxed elementor-section-height-default elementor-section-height-default\" data-id=\"39cf6360\" data-element_type=\"section\" data-e-type=\"section\">\n\t\t\t\t\t\t<div class=\"elementor-container elementor-column-gap-default\">\n\t\t\t\t\t<div class=\"elementor-column elementor-col-100 elementor-top-column elementor-element elementor-element-4ef98a14\" data-id=\"4ef98a14\" data-element_type=\"column\" data-e-type=\"column\">\n\t\t\t<div class=\"elementor-widget-wrap elementor-element-populated\">\n\t\t\t\t\t\t<div class=\"elementor-element elementor-element-7095f40a elementor-widget elementor-widget-text-editor\" data-id=\"7095f40a\" data-element_type=\"widget\" data-e-type=\"widget\" data-widget_type=\"text-editor.default\">\n\t\t\t\t<div class=\"elementor-widget-container\">\n\t\t\t\t\t\t\t\t\t<p><\/p>\n<p><b>Gisting, Veitingasta\u00f0ur Og Musteri\u00f0 Spa<\/b><\/p>\n<p><\/p>\n<p><\/p>\n<h2><span style=\"color: var( --e-global-color-secondary ); font-family: var( --e-global-typography-accent-font-family ), Sans-serif; font-size: var( --e-global-typography-accent-font-size ); font-weight: var( --e-global-typography-accent-font-weight ); letter-spacing: var( --e-global-typography-accent-letter-spacing );\">Afb\u00f3kunarskilm\u00e1lar<\/span><\/h2>\n<h6><span style=\"color: var( --e-global-color-secondary ); font-family: var( --e-global-typography-accent-font-family ), Sans-serif; font-size: var( --e-global-typography-accent-font-size ); letter-spacing: var( --e-global-typography-accent-letter-spacing );\"><b>Allar afb\u00f3kanir ver\u00f0a a\u00f0 vera skriflegar<\/b><\/span><\/h6>\n<p><\/p>\n<p><\/p>\n<p><\/p>\n<p><b>H\u00f3pab\u00f3kanir<\/b><br><i>*\u00deegar 7 e\u00f0a fleiri eru a\u00f0 fer\u00f0ast saman er \u00fea\u00f0 skilgreind sem h\u00f3pb\u00f3kun.<\/i><br>Ekki er krafist fyrirframgrei\u00f0slu fyrir h\u00f3pab\u00f3kanir, \u00fe\u00f3 \u00e1skiljum vi\u00f0 okkur r\u00e9tt til a\u00f0 bi\u00f0ja um fyrirframgrei\u00f0slur s\u00e9 \u00e1st\u00e6\u00f0a til.&nbsp;<\/p>\n<p>Ef afb\u00f3ka\u00f0 er me\u00f0 8 vikna fyrirvara falla ekki afb\u00f3kunargj\u00f6ld \u00e1 b\u00f3kunina.<br>Ef afb\u00f3ka\u00f0 er me\u00f0 8-6 vikna fyrirvara er 10% afb\u00f3kunagjalds krafist<br>Ef afb\u00f3ka\u00f0 er me\u00f0 6-4 vikna fyrirvara er 50% afb\u00f3kunagjalds krafist<br>Ef afb\u00f3ka\u00f0 er me\u00f0 4-2 vikna fyrirvara er 90% afb\u00f3kunagjalds krafist<br>Ef afb\u00f3ka\u00f0 er me\u00f0 2 vikna fyrirvara er 100% afb\u00f3kunagjalds krafist<\/p>\n<p>* \u00deegar b\u00f3ku\u00f0 eru 8 e\u00f0a fleiri herbergi e\u00f0a \u00edb\u00fa\u00f0ir fyrir h\u00f3p sem fer\u00f0ast saman \u00ed j\u00fal\u00ed er a\u00f0eins teki\u00f0 vi\u00f0 b\u00f3kun ef b\u00f3ka\u00f0ar eru 2 n\u00e6tur. Fyrir h\u00f3pa sem b\u00f3ka 8 e\u00f0a fleiri herbergi ver\u00f0ur a\u00f0eins 1 n\u00f3tt ekki sam\u00feykkt-\u00e1 a\u00f0eins vi\u00f0 \u00ed j\u00fal\u00ed.&nbsp;<\/p>\n<p><span style=\"font-weight: bold; letter-spacing: 0.2px;\">Einstaklingsb\u00f3kanir<\/span><br style=\"letter-spacing: 0.2px;\"><i style=\"letter-spacing: 0.2px;\">*\u00deegar 6 e\u00f0a f\u00e6rri eru a\u00f0 fer\u00f0ast saman telst \u00fea\u00f0 vera einstaklingsb\u00f3kun:<\/i><br style=\"letter-spacing: 0.2px;\"><span style=\"letter-spacing: 0.2px;\">Ekki er krafist fyrirframgrei\u00f0slna til a\u00f0 b\u00f3ka einstaklinga.<\/span><\/p>\n<p><span style=\"letter-spacing: 0.2px;\">H\u00e6gt er a\u00f0 afpanta \u00e1n afp\u00f6ntunargjalda 24klst fyrir komu, mi\u00f0a\u00f0 vi\u00f0 a\u00f0 innritunart\u00edminn s\u00e9 klukkan 15:00 Ef afpantanir berast innan 24klst ver\u00f0ur 100% afp\u00f6ntunargjald innheimt.<\/span><\/p>\n<h3><span style=\"letter-spacing: 0.2px;\">Frystiklefinn Veitingasta\u00f0ur<\/span><\/h3>\n<p><\/p>\n<p>H\u00e6gt er a\u00f0 b\u00f3ka stakar bor\u00f0apantanir Fyrir Veitingasta\u00f0inn Frystiklefann beint \u00ed gegnum heimas\u00ed\u00f0una okkar og m\u00e6lum vi\u00f0 eindregi\u00f0 me\u00f0 \u00fev\u00ed a\u00f0 b\u00f3ka fyrirfram. \u00feegar b\u00f3ka\u00f0 er bor\u00f0 bera gestir okkar fulla \u00e1byrg\u00f0 \u00e1 \u00fev\u00ed a\u00f0 afb\u00f3ka \u00fea\u00f0 t\u00edmanlega.<\/p>\n<p>Eftirfarandi skilm\u00e1lar gilda fyrir h\u00f3pab\u00f3kanir \u00e1 Frystiklefanum:<br>\u00deegar h\u00f3par pantar, 10 e\u00f0a fleiri, \u00fe\u00e1 bj\u00f3\u00f0um vi\u00f0 1 fr\u00eda m\u00e1lt\u00ed\u00f0 fyrir lei\u00f0s\u00f6gumann, h\u00f3pstj\u00f3ra e\u00f0a b\u00edlstj\u00f3ra.<br>Einungis geta h\u00f3par sem hafa b\u00f3ka\u00f0 allt gistih\u00fasi\u00f0 geta nota\u00f0 sameiginlega eldh\u00fasi\u00f0 \u00ed gistih\u00fasinu. \u00der\u00edfa \u00fearf eldh\u00fasi\u00f0 og skilja eftir \u00ed vi\u00f0unandi \u00e1standi, annars b\u00e6tist vi\u00f0 auka\u00ferifgjald a\u00f0 l\u00e1gmarki 10.000kr.<br>H\u00f3par sem eru 7 manns e\u00f0a fleiri, sem a\u00f0eins hafa b\u00f3ka\u00f0 gistiheimili\u00f0 a\u00f0 hluta, \u00feurfa \u00fev\u00ed a\u00f0 panta bor\u00f0 \u00e1 veitingasta\u00f0num okkar eigi s\u00ed\u00f0ar en 7 d\u00f6gum fyrir komu og \u00feurfa a\u00f0 tilkynna matse\u00f0ill eigi s\u00ed\u00f0an en 3 d\u00f6gum fyrir komu. H\u00f3pamatse\u00f0ill m\u00e1 finna \u00e1 vefs\u00ed\u00f0unni okkar.<br>Afp\u00f6ntun allt a\u00f0 10% af heildarfj\u00f6lda h\u00f3pa, h\u00e6gt a\u00f0 afpanta me\u00f0 3 daga fyrirvara.<br>Afb\u00f3kanir skulu \u00e1vallt berast skriflega \u00e1 netfangi\u00f0 okkar, bookings@blabjorg.is<br>Afb\u00f3kanir sem berast innan 3ja daga eru gjaldf\u00e6r\u00f0ar a\u00f0 fullu.<\/p>\n<p><\/p>\n<p><\/p>\n<p style=\"box-sizing: border-box; margin-top: 0px; margin-bottom: 0.9rem; color: #232323; font-family: Raleway, sans-serif; font-size: 16px; font-style: normal; font-variant-ligatures: normal; font-variant-caps: normal; font-weight: 400; letter-spacing: 0.2px; orphans: 2; text-align: start; text-indent: 0px; text-transform: none; white-space: normal; widows: 2; word-spacing: 0px; -webkit-text-stroke-width: 0px; background-color: #fbfbfb; text-decoration-thickness: initial; text-decoration-style: initial; text-decoration-color: initial;\">\n<\/p><h3 style=\"box-sizing: border-box; margin-top: 0.5rem; margin-bottom: 1rem; font-family: var( --e-global-typography-b150980-font-family ), Sans-serif; font-weight: var( --e-global-typography-b150980-font-weight ); line-height: var( --e-global-typography-b150980-line-height ); color: #232323; font-size: var( --e-global-typography-b150980-font-size ); letter-spacing: 0.2px; word-spacing: 0px; font-style: normal; font-variant-ligatures: normal; font-variant-caps: normal; orphans: 2; text-align: start; text-indent: 0px; text-transform: none; white-space: normal; widows: 2; -webkit-text-stroke-width: 0px; background-color: #fbfbfb; text-decoration-thickness: initial; text-decoration-style: initial; text-decoration-color: initial;\"><span style=\"box-sizing: border-box; letter-spacing: 0.2px;\">Musteri\u00f0 spa<\/span><\/h3>\n<div><span style=\"box-sizing: border-box; letter-spacing: 0.2px;\">Afb\u00f3kanir sem berast innan 3ja daga eru gjaldf\u00e6r\u00f0ar a\u00f0 fullu. Afb\u00f3kanir e\u00f0a breytingar \u00fearf alltaf a\u00f0 gera 24klst fyrir panta\u00f0an t\u00edma. Ef afpanta\u00f0 e\u00f0a breytt b\u00f3kun innan 24klst ver\u00f0ur gjald innheimt fyrir panta\u00f0an t\u00edma og me\u00f0fer\u00f0ir.&nbsp;<\/span><\/div>\n<p><\/p>\t\t\t\t\t\t\t\t<\/div>\n\t\t\t\t<\/div>\n\t\t\t\t\t<\/div>\n\t\t<\/div>\n\t\t\t\t\t<\/div>\n\t\t<\/section>\n\t\t\t\t<\/div>\n\t\t","protected":false},"excerpt":{"rendered":"<p>Gisting, Veitingasta\u00f0ur Og Musteri\u00f0 Spa Afb\u00f3kunarskilm\u00e1lar Allar afb\u00f3kanir ver\u00f0a a\u00f0 vera skriflegar H\u00f3pab\u00f3kanir*\u00deegar 7 e\u00f0a fleiri eru a\u00f0 fer\u00f0ast saman er \u00fea\u00f0 skilgreind sem h\u00f3pb\u00f3kun.Ekki er krafist fyrirframgrei\u00f0slu fyrir h\u00f3pab\u00f3kanir, \u00fe\u00f3 \u00e1skiljum vi\u00f0 okkur r\u00e9tt til a\u00f0 bi\u00f0ja um fyrirframgrei\u00f0slur s\u00e9 \u00e1st\u00e6\u00f0a til.&nbsp; Ef afb\u00f3ka\u00f0 er me\u00f0 8 vikna fyrirvara falla ekki afb\u00f3kunargj\u00f6ld \u00e1 b\u00f3kunina.Ef [&hellip;]<\/p>\n","protected":false},"author":2,"featured_media":2022,"parent":0,"menu_order":0,"comment_status":"closed","ping_status":"closed","template":"","meta":{"footnotes":""},"class_list":["post-4482","page","type-page","status-publish","has-post-thumbnail","hentry"],"_links":{"self":[{"href":"https:\/\/blabjorg.is\/is\/wp-json\/wp\/v2\/pages\/4482","targetHints":{"allow":["GET"]}}],"collection":[{"href":"https:\/\/blabjorg.is\/is\/wp-json\/wp\/v2\/pages"}],"about":[{"href":"https:\/\/blabjorg.is\/is\/wp-json\/wp\/v2\/types\/page"}],"author":[{"embeddable":true,"href":"https:\/\/blabjorg.is\/is\/wp-json\/wp\/v2\/users\/2"}],"replies":[{"embeddable":true,"href":"https:\/\/blabjorg.is\/is\/wp-json\/wp\/v2\/comments?post=4482"}],"version-history":[{"count":3,"href":"https:\/\/blabjorg.is\/is\/wp-json\/wp\/v2\/pages\/4482\/revisions"}],"predecessor-version":[{"id":4485,"href":"https:\/\/blabjorg.is\/is\/wp-json\/wp\/v2\/pages\/4482\/revisions\/4485"}],"wp:featuredmedia":[{"embeddable":true,"href":"https:\/\/blabjorg.is\/is\/wp-json\/wp\/v2\/media\/2022"}],"wp:attachment":[{"href":"https:\/\/blabjorg.is\/is\/wp-json\/wp\/v2\/media?parent=4482"}],"curies":[{"name":"wp","href":"https:\/\/api.w.org\/{rel}","templated":true}]}}