{"id":4385,"date":"2023-05-17T20:16:48","date_gmt":"2023-05-17T20:16:48","guid":{"rendered":"https:\/\/blabjorg.is\/algengar-spurningar\/"},"modified":"2024-02-15T15:00:52","modified_gmt":"2024-02-15T15:00:52","slug":"algengar-spurningar","status":"publish","type":"page","link":"https:\/\/blabjorg.is\/is\/algengar-spurningar\/","title":{"rendered":"ALGENGAR SPURNINGAR"},"content":{"rendered":"\t\t<div data-elementor-type=\"wp-page\" data-elementor-id=\"4385\" class=\"elementor elementor-4385 elementor-3157\" data-elementor-post-type=\"page\">\n\t\t\t\t\t\t<section class=\"elementor-section elementor-top-section elementor-element elementor-element-5f715b4f elementor-section-height-min-height elementor-section-boxed elementor-section-height-default elementor-section-items-middle\" data-id=\"5f715b4f\" data-element_type=\"section\" data-e-type=\"section\" data-settings=\"{&quot;background_background&quot;:&quot;slideshow&quot;,&quot;background_slideshow_gallery&quot;:[{&quot;id&quot;:1739,&quot;url&quot;:&quot;https:\\\/\\\/blabjorg.is\\\/wp-content\\\/uploads\\\/2022\\\/12\\\/drone-des-3-scaled.jpeg&quot;}],&quot;background_slideshow_ken_burns&quot;:&quot;yes&quot;,&quot;shape_divider_bottom&quot;:&quot;mountains&quot;,&quot;background_slideshow_loop&quot;:&quot;yes&quot;,&quot;background_slideshow_slide_duration&quot;:5000,&quot;background_slideshow_slide_transition&quot;:&quot;fade&quot;,&quot;background_slideshow_transition_duration&quot;:500,&quot;background_slideshow_ken_burns_zoom_direction&quot;:&quot;in&quot;}\">\n\t\t\t\t\t\t\t<div class=\"elementor-background-overlay\"><\/div>\n\t\t\t\t\t\t<div class=\"elementor-shape elementor-shape-bottom\" aria-hidden=\"true\" data-negative=\"false\">\n\t\t\t<svg xmlns=\"http:\/\/www.w3.org\/2000\/svg\" viewBox=\"0 0 1000 100\" preserveAspectRatio=\"none\">\n\t<path class=\"elementor-shape-fill\" opacity=\"0.33\" d=\"M473,67.3c-203.9,88.3-263.1-34-320.3,0C66,119.1,0,59.7,0,59.7V0h1000v59.7 c0,0-62.1,26.1-94.9,29.3c-32.8,3.3-62.8-12.3-75.8-22.1C806,49.6,745.3,8.7,694.9,4.7S492.4,59,473,67.3z\"\/>\n\t<path class=\"elementor-shape-fill\" opacity=\"0.66\" d=\"M734,67.3c-45.5,0-77.2-23.2-129.1-39.1c-28.6-8.7-150.3-10.1-254,39.1 s-91.7-34.4-149.2,0C115.7,118.3,0,39.8,0,39.8V0h1000v36.5c0,0-28.2-18.5-92.1-18.5C810.2,18.1,775.7,67.3,734,67.3z\"\/>\n\t<path class=\"elementor-shape-fill\" d=\"M766.1,28.9c-200-57.5-266,65.5-395.1,19.5C242,1.8,242,5.4,184.8,20.6C128,35.8,132.3,44.9,89.9,52.5C28.6,63.7,0,0,0,0 h1000c0,0-9.9,40.9-83.6,48.1S829.6,47,766.1,28.9z\"\/>\n<\/svg>\t\t<\/div>\n\t\t\t\t\t<div class=\"elementor-container elementor-column-gap-default\">\n\t\t\t\t\t<div class=\"elementor-column elementor-col-100 elementor-top-column elementor-element elementor-element-734874ad\" data-id=\"734874ad\" data-element_type=\"column\" data-e-type=\"column\">\n\t\t\t<div class=\"elementor-widget-wrap elementor-element-populated\">\n\t\t\t\t\t\t<div class=\"elementor-element elementor-element-336e03bf elementor-widget elementor-widget-heading\" data-id=\"336e03bf\" data-element_type=\"widget\" data-e-type=\"widget\" data-widget_type=\"heading.default\">\n\t\t\t\t<div class=\"elementor-widget-container\">\n\t\t\t\t\t<h1 class=\"elementor-heading-title elementor-size-xxl\">ALGENGAR SPURNINGAR<\/h1>\t\t\t\t<\/div>\n\t\t\t\t<\/div>\n\t\t\t\t\t<\/div>\n\t\t<\/div>\n\t\t\t\t\t<\/div>\n\t\t<\/section>\n\t\t\t\t<section class=\"elementor-section elementor-top-section elementor-element elementor-element-2bbeb7c1 elementor-section-boxed elementor-section-height-default elementor-section-height-default\" data-id=\"2bbeb7c1\" data-element_type=\"section\" data-e-type=\"section\">\n\t\t\t\t\t\t<div class=\"elementor-container elementor-column-gap-default\">\n\t\t\t\t\t<div class=\"elementor-column elementor-col-100 elementor-top-column elementor-element elementor-element-24ae2c04\" data-id=\"24ae2c04\" data-element_type=\"column\" data-e-type=\"column\">\n\t\t\t<div class=\"elementor-widget-wrap elementor-element-populated\">\n\t\t\t\t\t\t<div class=\"elementor-element elementor-element-0adaa86 elementor-widget elementor-widget-eael-adv-accordion\" data-id=\"0adaa86\" data-element_type=\"widget\" data-e-type=\"widget\" data-widget_type=\"eael-adv-accordion.default\">\n\t\t\t\t<div class=\"elementor-widget-container\">\n\t\t\t\t\t            <div class=\"eael-adv-accordion\" id=\"eael-adv-accordion-0adaa86\" data-scroll-on-click=\"no\" data-scroll-speed=\"300\" data-accordion-id=\"0adaa86\" data-accordion-type=\"accordion\" data-toogle-speed=\"300\">\n            <div class=\"eael-accordion-list\">\n\t\t\t\t\t<div id=\"hvernig-er-stand-vegum-veturna\" class=\"elementor-tab-title eael-accordion-header\" tabindex=\"0\" data-tab=\"1\" aria-controls=\"elementor-tab-content-1131\"><span class=\"eael-advanced-accordion-icon-closed\"><i aria-hidden=\"true\" class=\"fa-accordion-icon fas fa-plus\"><\/i><\/span><span class=\"eael-advanced-accordion-icon-opened\"><i aria-hidden=\"true\" class=\"fa-accordion-icon fas fa-minus\"><\/i><\/span><span class=\"eael-accordion-tab-title\">Hvernig er \u00e1stand \u00e1 vegum \u00e1 veturna?<\/span><i aria-hidden=\"true\" class=\"fa-toggle fas fa-angle-right\"><\/i><\/div><div id=\"elementor-tab-content-1131\" class=\"eael-accordion-content clearfix\" data-tab=\"1\" aria-labelledby=\"hvernig-er-stand-vegum-veturna\"><p>\u00dea\u00f0 fyrsta sem gott er a\u00f0 vita a\u00f0 vegurinn til Borgarfjar\u00f0ar eystri, vegur n\u00famer 94, er malbika\u00f0ur alla lei\u00f0 fr\u00e1 Egilsst\u00f6\u00f0um. \u00dear \u00e1 me\u00f0al Vatnsskar\u00f0 eystra.<\/p>\n<p><img fetchpriority=\"high\" decoding=\"async\" class=\"size-medium wp-image-3426 aligncenter\" src=\"https:\/\/blabjorg.is\/wp-content\/uploads\/2023\/06\/20210210_162112-1-300x225.jpg\" alt=\"\" width=\"300\" height=\"225\" srcset=\"https:\/\/blabjorg.is\/wp-content\/uploads\/2023\/06\/20210210_162112-1-300x225.jpg 300w, https:\/\/blabjorg.is\/wp-content\/uploads\/2023\/06\/20210210_162112-1-1024x768.jpg 1024w, https:\/\/blabjorg.is\/wp-content\/uploads\/2023\/06\/20210210_162112-1-768x576.jpg 768w, https:\/\/blabjorg.is\/wp-content\/uploads\/2023\/06\/20210210_162112-1-1536x1152.jpg 1536w, https:\/\/blabjorg.is\/wp-content\/uploads\/2023\/06\/20210210_162112-1-2048x1536.jpg 2048w, https:\/\/blabjorg.is\/wp-content\/uploads\/2023\/06\/20210210_162112-1-1000x750.jpg 1000w, https:\/\/blabjorg.is\/wp-content\/uploads\/2023\/06\/20210210_162112-1-100x75.jpg 100w\" sizes=\"(max-width: 300px) 100vw, 300px\" \/><\/p>\n<h6><em>Akstur ni\u00f0ur Vatnsskar\u00f0 eystra \u00e1 veturna.<\/em><\/h6>\n<p>Yfir vetrarm\u00e1nu\u00f0ina er m\u00e6lt me\u00f0 4&#215;4 b\u00edl sem og b\u00edl sem er \u00e1 nagladekkjum. Mikilv\u00e6gt er a\u00f0 fylgjast vel me\u00f0 \u00e1standi vega \u00feegar fer\u00f0ast er um \u00cdsland \u00e1 veturna. Vefs\u00ed\u00f0ur eins og <a href=\"https:\/\/www.road.is\/\">umfer\u00f0in.is,<\/a> <a href=\"https:\/\/en.vedur.is\/\">vedur.is<\/a> og <a href=\"https:\/\/safetravel.is\/\">safetravel.is<\/a> eru g\u00f3\u00f0ar s\u00ed\u00f0ur til a\u00f0 heims\u00e6kja reglulega \u00e1 fer\u00f0um \u00fe\u00ednum yfir vetrart\u00edmann.<\/p>\n<\/p>\n<p>Ef vegurinn lokast vegna snj\u00f3a og ve\u00f0urs, \u00fe\u00e1 erum vi\u00f0 mj\u00f6g sveigjanleg Ef Vegager\u00f0in tilkynnir vegin loka\u00f0an og r\u00e1\u00f0leggur f\u00f3lki a\u00f0 fara ekki yfir Vatnsskar\u00f0 eystra, \u00fe\u00e1 bj\u00f3\u00f0um vi\u00f0 upp \u00e1 \u00f3keypis afp\u00f6ntun. \u00deetta \u00fearf \u00fe\u00f3 a\u00f0 vera \u00ed samvinnu vi\u00f0 Bl\u00e1bj\u00f6rg Resort.<\/p>\n<\/p>\n<p>A\u00f0 keyra \u00e1 \u00cdslandi yfir vetrarm\u00e1nu\u00f0ina getur veri\u00f0 \u00e6vint\u00fdri l\u00edkast. En \u00fea\u00f0 \u00fearf a\u00f0 fara a\u00f0 \u00f6llu me\u00f0 g\u00e1t \u00fev\u00ed ve\u00f0ur getur breyst skyndilega.<\/p>\n<\/div>\n\t\t\t\t\t<\/div><div class=\"eael-accordion-list\">\n\t\t\t\t\t<div id=\"akstur-til-borgarfjarar-eystri-allt-ri-um-kring\" class=\"elementor-tab-title eael-accordion-header\" tabindex=\"0\" data-tab=\"2\" aria-controls=\"elementor-tab-content-1132\"><span class=\"eael-advanced-accordion-icon-closed\"><i aria-hidden=\"true\" class=\"fa-accordion-icon fas fa-plus\"><\/i><\/span><span class=\"eael-advanced-accordion-icon-opened\"><i aria-hidden=\"true\" class=\"fa-accordion-icon fas fa-minus\"><\/i><\/span><span class=\"eael-accordion-tab-title\">Akstur til Borgarfjar\u00f0ar eystri allt \u00e1ri\u00f0 um kring<\/span><i aria-hidden=\"true\" class=\"fa-toggle fas fa-angle-right\"><\/i><\/div><div id=\"elementor-tab-content-1132\" class=\"eael-accordion-content clearfix\" data-tab=\"2\" aria-labelledby=\"akstur-til-borgarfjarar-eystri-allt-ri-um-kring\"><p>Akstur til Borgarfjar\u00f0ar eystri fr\u00e1 Egilsst\u00f6\u00f0um er r\u00famlega 70km og tekur um 50 m\u00edn\u00fatur. \u00c1fram er haldi\u00f0 \u00e1 vegi 94 og keyrt er \u00e1 malbiku\u00f0um vegi alla lei\u00f0ina. Vatnsskar\u00f0 eystra er fjallaskar\u00f0 sem \u00fearf a\u00f0 keyra framhj\u00e1 og n\u00e6r \u00fea\u00f0 allt a\u00f0 430m h\u00e6\u00f0 yfir sj\u00e1varm\u00e1li. <\/p>\n<\/p>\n<p>\u00c1 sumrin \u00fearf ekki a\u00f0 notast vi\u00f0 4&#215;4 b\u00edl n\u00e9 nagladekk, \u00fe\u00fa getur keyrt yfir fjalli\u00f0 \u00e1 venjulegum b\u00edl.<\/p>\n<p>Yfir vetrart\u00edmann er gott a\u00f0 vera anna\u00f0 hvort \u00e1 4&#215;4 b\u00edl e\u00f0a hafa nagladekk. Ef \u00fe\u00fa \u00e1tt b\u00e6\u00f0i, \u00fe\u00e1 er \u00fea\u00f0 jafnvel betra, en ekki skylda. Vinsamlegast sj\u00e1\u00f0u frekari uppl\u00fdsingar undir,<em>&#8222;Hvernig er \u00e1stand \u00e1 vegum \u00e1 veturna?&#8220;<\/em> <\/p>\n<\/div>\n\t\t\t\t\t<\/div><div class=\"eael-accordion-list\">\n\t\t\t\t\t<div id=\"hvernig-er-veri-austurlandi\" class=\"elementor-tab-title eael-accordion-header\" tabindex=\"0\" data-tab=\"3\" aria-controls=\"elementor-tab-content-1133\"><span class=\"eael-advanced-accordion-icon-closed\"><i aria-hidden=\"true\" class=\"fa-accordion-icon fas fa-plus\"><\/i><\/span><span class=\"eael-advanced-accordion-icon-opened\"><i aria-hidden=\"true\" class=\"fa-accordion-icon fas fa-minus\"><\/i><\/span><span class=\"eael-accordion-tab-title\">Hvernig er ve\u00f0ri\u00f0 \u00e1 austurlandi?<\/span><i aria-hidden=\"true\" class=\"fa-toggle fas fa-angle-right\"><\/i><\/div><div id=\"elementor-tab-content-1133\" class=\"eael-accordion-content clearfix\" data-tab=\"3\" aria-labelledby=\"hvernig-er-veri-austurlandi\"><p>\u00c1 \u00cdslandi er ve\u00f0ri\u00f0 \u00f3\u00fatreiknanlegt. \u00deess vegna \u00fearf f\u00f3lk a\u00f0 vera undirb\u00fai\u00f0 \u00fdmsum ve\u00f0urbreytingum. <\/p>\n<p>Yfir vetrarm\u00e1nu\u00f0ina, n\u00f3vember \u2013 mars, \u00fe\u00e1 er hitastigi\u00f0 fr\u00e1 -15\u00b0C allt a\u00f0 +5\u00b0C.<\/p>\n<p>Yfir sumarm\u00e1nu\u00f0ina, j\u00fan\u00ed \u2013 \u00e1g\u00fast, \u00fe\u00e1 er hitastigi\u00f0 fr\u00e1 0\u00b0C allt a\u00f0 25\u00b0C. <\/p>\n<p>Vori\u00f0, apr\u00edl \u2013 ma\u00ed eru oftast mj\u00f6g r\u00f3legir m\u00e1nu\u00f0ir, getur veri\u00f0 d\u00e1l\u00edtil snj\u00f3koma og nokkrir frost dagar.<\/p>\n<p>Hausti\u00f0, september \u2013 okt\u00f3ber, \u00fe\u00e1 kemur k\u00f6ld gola. Vetrarfrosti\u00f0 laumast a\u00f0 okkur og frystir j\u00f6r\u00f0ina a\u00f0 n\u00f3ttu til. \u00deetta er mj\u00f6g litr\u00edkur t\u00edmi, \u00fear sem grasi\u00f0 og laufin byrja a\u00f0 vera rau\u00f0, appels\u00ednugul, gul og br\u00fan. <\/p>\n<\/p>\n<p>Ve\u00f0ri\u00f0 \u00e1 Austurlandi er mj\u00f6g fallegt en \u00fea\u00f0 getur or\u00f0i\u00f0 mj\u00f6g kalt og snj\u00f3\u00feungt \u00e1 veturna.<\/p>\n<\/div>\n\t\t\t\t\t<\/div><div class=\"eael-accordion-list\">\n\t\t\t\t\t<div id=\"hva-er-hgt-a-gera-svinu\" class=\"elementor-tab-title eael-accordion-header\" tabindex=\"0\" data-tab=\"4\" aria-controls=\"elementor-tab-content-1134\"><span class=\"eael-advanced-accordion-icon-closed\"><i aria-hidden=\"true\" class=\"fa-accordion-icon fas fa-plus\"><\/i><\/span><span class=\"eael-advanced-accordion-icon-opened\"><i aria-hidden=\"true\" class=\"fa-accordion-icon fas fa-minus\"><\/i><\/span><span class=\"eael-accordion-tab-title\">Hva\u00f0 er h\u00e6gt a\u00f0 gera \u00e1 sv\u00e6\u00f0inu?<\/span><i aria-hidden=\"true\" class=\"fa-toggle fas fa-angle-right\"><\/i><\/div><div id=\"elementor-tab-content-1134\" class=\"eael-accordion-content clearfix\" data-tab=\"4\" aria-labelledby=\"hva-er-hgt-a-gera-svinu\"><p>\u00dea\u00f0 er \u00fdmislegt \u00ed bo\u00f0i \u00ed b\u00e6num. Sj\u00e1 n\u00e1nari uppl\u00fdsingar um sv\u00e6\u00f0i\u00f0 h\u00e9r.<\/p>\n<p><a href=\"https:\/\/www.borgarfjordureystri.is\/en\">BORGARFJ\u00d6R\u00d0UR EYSTRI<\/a><\/p>\n<\/div>\n\t\t\t\t\t<\/div><div class=\"eael-accordion-list\">\n\t\t\t\t\t<div id=\"lundinn\" class=\"elementor-tab-title eael-accordion-header\" tabindex=\"0\" data-tab=\"5\" aria-controls=\"elementor-tab-content-1135\"><span class=\"eael-advanced-accordion-icon-closed\"><i aria-hidden=\"true\" class=\"fa-accordion-icon fas fa-plus\"><\/i><\/span><span class=\"eael-advanced-accordion-icon-opened\"><i aria-hidden=\"true\" class=\"fa-accordion-icon fas fa-minus\"><\/i><\/span><span class=\"eael-accordion-tab-title\">Lundinn<\/span><i aria-hidden=\"true\" class=\"fa-toggle fas fa-angle-right\"><\/i><\/div><div id=\"elementor-tab-content-1135\" class=\"eael-accordion-content clearfix\" data-tab=\"5\" aria-labelledby=\"lundinn\"><p>F\u00e1\u00f0u meiri uppl\u00fdsingar um Lundann \u00e1 blogginu okkar:<\/p>\n<p><a href=\"https:\/\/blabjorg.is\/2023\/06\/24\/puffins-in-hafnarholmi-puffin-rock\/\">Lundi \u00cd Hafnarh\u00f3lmi<\/a><\/p>\n<\/div>\n\t\t\t\t\t<\/div><div class=\"eael-accordion-list\">\n\t\t\t\t\t<div id=\"gnguferir-svinug\" class=\"elementor-tab-title eael-accordion-header\" tabindex=\"0\" data-tab=\"6\" aria-controls=\"elementor-tab-content-1136\"><span class=\"eael-advanced-accordion-icon-closed\"><i aria-hidden=\"true\" class=\"fa-accordion-icon fas fa-plus\"><\/i><\/span><span class=\"eael-advanced-accordion-icon-opened\"><i aria-hidden=\"true\" class=\"fa-accordion-icon fas fa-minus\"><\/i><\/span><span class=\"eael-accordion-tab-title\">G\u00f6ngufer\u00f0ir \u00e1 sv\u00e6\u00f0inug<\/span><i aria-hidden=\"true\" class=\"fa-toggle fas fa-angle-right\"><\/i><\/div><div id=\"elementor-tab-content-1136\" class=\"eael-accordion-content clearfix\" data-tab=\"6\" aria-labelledby=\"gnguferir-svinug\"><p>V\u00edknasl\u00f3\u00f0ir er sannk\u00f6llu\u00f0 g\u00f6nguparad\u00eds. N\u00e1nari uppl\u00fdsingar er a\u00f0 finna \u00e1 heimas\u00ed\u00f0u Borgarfjar\u00f0ar eystri:<\/p>\n<p class=\"subHeadline\"><a href=\"https:\/\/www.borgarfjordureystri.is\/en\/hiking-walking\">G\u00d6NGUFER\u00d0IR \u00cd BORGARFIR\u00d0I<\/a><\/p>\n<p><img decoding=\"async\" class=\"alignnone wp-image-3454 size-large\" src=\"https:\/\/blabjorg.is\/wp-content\/uploads\/2023\/06\/borg_banner-1024x315.jpg\" alt=\"\" width=\"800\" height=\"246\" srcset=\"https:\/\/blabjorg.is\/wp-content\/uploads\/2023\/06\/borg_banner-1024x315.jpg 1024w, https:\/\/blabjorg.is\/wp-content\/uploads\/2023\/06\/borg_banner-300x92.jpg 300w, https:\/\/blabjorg.is\/wp-content\/uploads\/2023\/06\/borg_banner-768x236.jpg 768w, https:\/\/blabjorg.is\/wp-content\/uploads\/2023\/06\/borg_banner-1536x472.jpg 1536w, https:\/\/blabjorg.is\/wp-content\/uploads\/2023\/06\/borg_banner-1000x307.jpg 1000w, https:\/\/blabjorg.is\/wp-content\/uploads\/2023\/06\/borg_banner-100x31.jpg 100w, https:\/\/blabjorg.is\/wp-content\/uploads\/2023\/06\/borg_banner.jpg 1920w\" sizes=\"(max-width: 800px) 100vw, 800px\" \/><\/p>\n<\/div>\n\t\t\t\t\t<\/div><div class=\"eael-accordion-list\">\n\t\t\t\t\t<div id=\"afreying-svinu\" class=\"elementor-tab-title eael-accordion-header\" tabindex=\"0\" data-tab=\"7\" aria-controls=\"elementor-tab-content-1137\"><span class=\"eael-advanced-accordion-icon-closed\"><i aria-hidden=\"true\" class=\"fa-accordion-icon fas fa-plus\"><\/i><\/span><span class=\"eael-advanced-accordion-icon-opened\"><i aria-hidden=\"true\" class=\"fa-accordion-icon fas fa-minus\"><\/i><\/span><span class=\"eael-accordion-tab-title\">Af\u00fereying \u00e1 sv\u00e6\u00f0inu<\/span><i aria-hidden=\"true\" class=\"fa-toggle fas fa-angle-right\"><\/i><\/div><div id=\"elementor-tab-content-1137\" class=\"eael-accordion-content clearfix\" data-tab=\"7\" aria-labelledby=\"afreying-svinu\"><p>\u00c1 Borgarfir\u00f0i eystri eru \u00fdmsir af\u00fereyingam\u00f6guleikar. Sj\u00e1 valkosti h\u00e9r: <a href=\"https:\/\/www.borgarfjordureystri.is\/en\/aboutborgarfjordur\">Um Borgarfj\u00f6r\u00f0 eystri<\/a><\/p>\n<\/p>\n<p>H\u00e6gt er a\u00f0 b\u00f3ka Rib safari t\u00far me\u00f0 <a href=\"https:\/\/www.puffin.is\/\">Puffin.is<\/a>, leigt hj\u00f3l e\u00f0a fari\u00f0 \u00ed hj\u00f3lat\u00far me\u00f0 <a href=\"https:\/\/www.fjordbikes.com\/\">FjordBikes<\/a>, slaka\u00f0 \u00e1 <a href=\"https:\/\/blabjorg.is\/spa\/\">\u00ed Musteri spa<\/a> \u00ed Bl\u00e1bj\u00f6rgum, heims\u00f3tt Lindarbakka e\u00f0a fari\u00f0 g\u00f6ngut\u00far \u00ed \u00feorpinu.<\/p>\n<\/div>\n\t\t\t\t\t<\/div><div class=\"eael-accordion-list\">\n\t\t\t\t\t<div id=\"norurljs\" class=\"elementor-tab-title eael-accordion-header\" tabindex=\"0\" data-tab=\"8\" aria-controls=\"elementor-tab-content-1138\"><span class=\"eael-advanced-accordion-icon-closed\"><i aria-hidden=\"true\" class=\"fa-accordion-icon fas fa-plus\"><\/i><\/span><span class=\"eael-advanced-accordion-icon-opened\"><i aria-hidden=\"true\" class=\"fa-accordion-icon fas fa-minus\"><\/i><\/span><span class=\"eael-accordion-tab-title\">Nor\u00f0urlj\u00f3s<\/span><i aria-hidden=\"true\" class=\"fa-toggle fas fa-angle-right\"><\/i><\/div><div id=\"elementor-tab-content-1138\" class=\"eael-accordion-content clearfix\" data-tab=\"8\" aria-labelledby=\"norurljs\"><p><span style=\"font-weight: 400\">Nor\u00f0urlj\u00f3sin, sj\u00e1st um allt \u00cdsland, \u00fe\u00fa \u00fearft a\u00f0eins g\u00f3\u00f0a s\u00f3larvirkni, hei\u00f0sk\u00fdran himinn og heppni. <\/span><\/p>\n<\/p>\n<p><span style=\"font-weight: 400\">\u00deegar leita\u00f0 er a\u00f0 nor\u00f0urlj\u00f3sum er mikilv\u00e6gt a\u00f0 vita a\u00f0 lj\u00f3smengun getur fali\u00f0 nor\u00f0urlj\u00f3sin, \u00fea\u00f0 er m\u00e6lt me\u00f0 \u00fev\u00ed a\u00f0 finna sv\u00e6\u00f0i sem er \u00e1n lj\u00f3smengunar. <\/span><\/p>\n<\/p>\n<p><span style=\"font-weight: 400\">Ef vi\u00f0 l\u00edtum \u00e1 \u00e1ri\u00f0 \u00ed heild sinni \u2013 h\u00e9r eru atri\u00f0i sem \u00fearf a\u00f0 huga a\u00f0 \u00feegar leita\u00f0 er a\u00f0 nor\u00f0urlj\u00f3sum:<\/span><\/p>\n<p><i><span style=\"font-weight: 400\">N\u00f3vember \u2013 Febr\u00faar: \u00dea\u00f0 er dimmt, en ve\u00f0ri\u00f0 er frekar \u00f3st\u00f6\u00f0ugt, sk\u00fdin geta veri\u00f0 truflandi.<\/span><\/i><\/p>\n<p><i><span style=\"font-weight: 400\">Mars: Ve\u00f0ri\u00f0 er st\u00f6\u00f0ugra, \u00fea\u00f0 er enn\u00fe\u00e1 dimmt \u00e1 kv\u00f6ldin.<\/span><\/i><\/p>\n<p><i><span style=\"font-weight: 400\">April: Fram \u00ed mi\u00f0jan apr\u00edl, er enn\u00fe\u00e1 dimmt, svo \u00fea\u00f0 er enn\u00fe\u00e1 h\u00e6gt a\u00f0 sj\u00e1 nor\u00f0urlj\u00f3sin. Eftir mi\u00f0jan April, \u00fe\u00e1 byrjar dagurinn a\u00f0 vega \u00feyngra en n\u00f3ttin.<\/span><\/i><\/p>\n<p><i><span style=\"font-weight: 400\">Ma\u00ed \u2013 \u00c1g\u00fast: Ma\u00ed, J\u00fan\u00ed og J\u00fal\u00ed eru m\u00e1nu\u00f0urnir \u00fear sem er bjart allan s\u00f3larhringinn. Seint \u00ed \u00c1g\u00fast, er or\u00f0i\u00f0 n\u00f3gu dimmt \u00e1 kv\u00f6ldin til a\u00f0 sj\u00e1 nor\u00f0urlj\u00f3sin en a\u00f0eins ef \u00fe\u00fa ert heppinn!<\/span><\/i><\/p>\n<p><i><span style=\"font-weight: 400\">September: Fr\u00e1b\u00e6r m\u00e1nu\u00f0ur til a\u00f0 sj\u00e1 nor\u00f0urlj\u00f3sin! Gott ve\u00f0ur og dimm kv\u00f6ld.<\/span><\/i><\/p>\n<p><i><span style=\"font-weight: 400\">Okt\u00f3ber: Ve\u00f0ri\u00f0 er gott og dimm kv\u00f6ld. Flottur nor\u00f0urlj\u00f3sam\u00e1nu\u00f0ur.<\/span><\/i><\/p>\n<\/p>\n<p><span style=\"font-weight: 400\">Vi\u00f0 teljum okkar vera frekar heppinn h\u00e9r \u00ed Bl\u00e1bj\u00f6rg Resort, \u00fear sem ekki \u00fearf a\u00f0 fara langt fr\u00e1 ver\u00f6ndinni e\u00f0a bryggjunni til a\u00f0 komast undan lj\u00f3smengun. <\/span><\/p>\n<p><img decoding=\"async\" class=\"aligncenter size-medium wp-image-2155\" src=\"https:\/\/blabjorg.is\/wp-content\/uploads\/2023\/01\/20221204_165854-225x300.jpg\" alt=\"\" width=\"225\" height=\"300\" srcset=\"https:\/\/blabjorg.is\/wp-content\/uploads\/2023\/01\/20221204_165854-225x300.jpg 225w, https:\/\/blabjorg.is\/wp-content\/uploads\/2023\/01\/20221204_165854-768x1024.jpg 768w, https:\/\/blabjorg.is\/wp-content\/uploads\/2023\/01\/20221204_165854-1152x1536.jpg 1152w, https:\/\/blabjorg.is\/wp-content\/uploads\/2023\/01\/20221204_165854-1536x2048.jpg 1536w, https:\/\/blabjorg.is\/wp-content\/uploads\/2023\/01\/20221204_165854-1000x1333.jpg 1000w, https:\/\/blabjorg.is\/wp-content\/uploads\/2023\/01\/20221204_165854-100x133.jpg 100w, https:\/\/blabjorg.is\/wp-content\/uploads\/2023\/01\/20221204_165854-scaled.jpg 1920w\" sizes=\"(max-width: 225px) 100vw, 225px\" \/><\/p>\n<p><span style=\"font-weight: 400\">H\u00e6gt er a\u00f0 sko\u00f0a sp\u00e1 fyrir nor\u00f0urlj\u00f3sin me\u00f0 a\u00f0 sko\u00f0a sk\u00fdjap\u00e1 ve\u00f0urst\u00f6\u00f0varinnar, hana m\u00e1 finna h\u00e9r:<\/span> <a href=\"https:\/\/en.vedur.is\/weather\/forecasts\/cloudcover\/\"><span style=\"font-weight: 400\">Sk\u00fdjasp\u00e1.<\/span><\/a> <\/p>\n<p><span style=\"font-weight: 400\">Hinsvegar, \u00fea\u00f0 eru 3 tegundir af sk\u00fdja\u00feekju sem vi\u00f0 sj\u00e1um \u00e1 \u00feessum korti, l\u00e1gsk\u00fd, mi\u00f0sk\u00fd og h\u00e1sk\u00fd.<\/span><\/p>\n<p><i><span style=\"font-weight: 400\">H\u00e1sk\u00fd:<\/span><\/i><span style=\"font-weight: 400\"> \u00deau hafa minnst \u00e1hrif \u00e1 a\u00f0 sko\u00f0a nor\u00f0urlj\u00f3sin samanbori\u00f0 vi\u00f0 hin tv\u00f6. H\u00e1sk\u00fd eru \u00ed meiri fjarl\u00e6g\u00f0. \u00deau er l\u00e9ttari en hinar sk\u00fdjategundirnar, sem gerir \u00feau gufukennd.<\/span><\/p>\n<p><i><span style=\"font-weight: 400\">Mi\u00f0sk\u00fd: <\/span><\/i><span style=\"font-weight: 400\">\u00deau hafa mestu \u00e1hrif \u00e1 \u00fe\u00e1 m\u00f6guleika a\u00f0 sj\u00e1 nor\u00f0urlj\u00f3sin. \u00cd \u00fev\u00ed tilviki er mikilv\u00e6gt a\u00f0 reyna a\u00f0 leita uppi skar\u00f0 \u00ed sk\u00fdjahulunni \u00fear sem g\u00e6ti veri\u00f0 m\u00f6guleiki a\u00f0 sj\u00e1 lj\u00f3sin. \u00deessi mi\u00f0sk\u00fd eru sta\u00f0sett um 2-4. 000 m Fr\u00e1 J\u00f6r\u00f0inni.<\/span><\/p>\n<p><i><span style=\"font-weight: 400\">L\u00e1gsk\u00fd:<\/span><\/i><span style=\"font-weight: 400\"> \u00deessi eru erfi\u00f0! \u00deeir geta n\u00e1\u00f0 fr\u00e1 j\u00f6r\u00f0u og a\u00f0eins allt a\u00f0 2.000 m fr\u00e1 j\u00f6r\u00f0u. \u00deessi eru erfi\u00f0, sk\u00fdin eiga \u00fea\u00f0 til a\u00f0 festast \u00ed fj\u00f6llunum. Og \u00fev\u00ed er gott a\u00f0 vera \u00ed fir\u00f0i e\u00f0a \u00ed dal \u00fev\u00ed \u00fe\u00e1 eru sk\u00fdin ekki hindrun. <\/span><\/p>\n<\/div>\n\t\t\t\t\t<\/div><div class=\"eael-accordion-list\">\n\t\t\t\t\t<div id=\"musteri-spa\" class=\"elementor-tab-title eael-accordion-header\" tabindex=\"0\" data-tab=\"9\" aria-controls=\"elementor-tab-content-1139\"><span class=\"eael-advanced-accordion-icon-closed\"><i aria-hidden=\"true\" class=\"fa-accordion-icon fas fa-plus\"><\/i><\/span><span class=\"eael-advanced-accordion-icon-opened\"><i aria-hidden=\"true\" class=\"fa-accordion-icon fas fa-minus\"><\/i><\/span><span class=\"eael-accordion-tab-title\">Musteri\u00f0 Spa<\/span><i aria-hidden=\"true\" class=\"fa-toggle fas fa-angle-right\"><\/i><\/div><div id=\"elementor-tab-content-1139\" class=\"eael-accordion-content clearfix\" data-tab=\"9\" aria-labelledby=\"musteri-spa\"><p>Musteri\u00f0 Spa er ekki innifali\u00f0 \u00ed gistingunni og \u00fearf a\u00f0 b\u00f3ka s\u00e9rstaklega fyrir \u00fea\u00f0. . Vi\u00f0 bj\u00f3\u00f0um gestum okkur betra ver\u00f0 \u00feegar \u00feeir b\u00f3ka a\u00f0gang. Vinsamlega hafi\u00f0 samband vi\u00f0 musterispa@blabjorg.is fyrir frekari uppl\u00fdsingar. N\u00e1nari uppl\u00fdsingar h\u00e9r: <a href=\"https:\/\/blabjorg.is\/spa\/\">MUSTERI\u00d0 SPA<\/a><\/p>\n<\/p>\n<h6><img loading=\"lazy\" decoding=\"async\" class=\"aligncenter size-medium wp-image-3314\" src=\"https:\/\/blabjorg.is\/wp-content\/uploads\/2023\/06\/DSC_0464-220x300.jpg\" alt=\"\" width=\"220\" height=\"300\" srcset=\"https:\/\/blabjorg.is\/wp-content\/uploads\/2023\/06\/DSC_0464-220x300.jpg 220w, https:\/\/blabjorg.is\/wp-content\/uploads\/2023\/06\/DSC_0464-750x1024.jpg 750w, https:\/\/blabjorg.is\/wp-content\/uploads\/2023\/06\/DSC_0464-768x1049.jpg 768w, https:\/\/blabjorg.is\/wp-content\/uploads\/2023\/06\/DSC_0464-1124x1536.jpg 1124w, https:\/\/blabjorg.is\/wp-content\/uploads\/2023\/06\/DSC_0464-1000x1366.jpg 1000w, https:\/\/blabjorg.is\/wp-content\/uploads\/2023\/06\/DSC_0464-100x137.jpg 100w, https:\/\/blabjorg.is\/wp-content\/uploads\/2023\/06\/DSC_0464.jpg 1499w\" sizes=\"(max-width: 220px) 100vw, 220px\" \/><\/h6>\n<\/p>\n<h6><span class=\"WdYUQQ text-decoration-none text-strikethrough-none\">A\u00f0gangur a\u00f0 heilsulindinni er innifalinn \u00ed \u00f6llum me\u00f0fer\u00f0um. N\u00e1nari uppl\u00fdsingar og ver\u00f0 \u00e1 heimas\u00ed\u00f0unni okkar blabjorg.is<\/span><\/h6>\n<\/p>\n<p class=\"_04xlpA direction-ltr align-center para-style-body\"><em><span class=\"WdYUQQ text-decoration-none text-strikethrough-none\">Musteri Spa b\u00fd\u00f0ur upp \u00e1 mikla m\u00f6guleika fyrir sl\u00f6kun og vell\u00ed\u00f0an, fyrir l\u00edkama og s\u00e1l.<\/span><\/em><\/p>\n<p class=\"_04xlpA direction-ltr align-center para-style-body\"><em><span class=\"WdYUQQ text-decoration-none text-strikethrough-none\">H\u00e9r getur \u00fe\u00fa upplifa\u00f0 kyrr\u00f0 og sl\u00f6kun \u00e1 me\u00f0an \u00fe\u00fa n\u00fdtur \u00fats\u00fdnisins yfir fj\u00f6r\u00f0inn. Fullkomin lei\u00f0 til a\u00f0 slaka \u00e1 eftir langan dag \u00ed g\u00f6ngum e\u00f0a dekra vi\u00f0 sj\u00e1lfan \u00feig.<\/span><\/em><\/p>\n<\/div>\n\t\t\t\t\t<\/div><div class=\"eael-accordion-list\">\n\t\t\t\t\t<div id=\"frystiklefinn-veitingastaur\" class=\"elementor-tab-title eael-accordion-header\" tabindex=\"0\" data-tab=\"10\" aria-controls=\"elementor-tab-content-11310\"><span class=\"eael-advanced-accordion-icon-closed\"><i aria-hidden=\"true\" class=\"fa-accordion-icon fas fa-plus\"><\/i><\/span><span class=\"eael-advanced-accordion-icon-opened\"><i aria-hidden=\"true\" class=\"fa-accordion-icon fas fa-minus\"><\/i><\/span><span class=\"eael-accordion-tab-title\">Frystiklefinn veitingasta\u00f0ur<\/span><i aria-hidden=\"true\" class=\"fa-toggle fas fa-angle-right\"><\/i><\/div><div id=\"elementor-tab-content-11310\" class=\"eael-accordion-content clearfix\" data-tab=\"10\" aria-labelledby=\"frystiklefinn-veitingastaur\"><p>Vi\u00f0 m\u00e6lum me\u00f0 a\u00f0 b\u00f3ka bor\u00f0 fyrirfram til a\u00f0 tryggja bor\u00f0. <\/p>\n<\/p>\n<p>Fylgdu \u00feessum hlekk til a\u00f0 sj\u00e1 matse\u00f0ilinn okkar og til a\u00f0 b\u00f3ka bor\u00f0: <a href=\"https:\/\/blabjorg.is\/restaurant\/\">FRYSTIKLEFINN RESTAURANT<\/a><\/p>\n<\/p>\n<p class=\"_04xlpA direction-ltr align-center para-style-body\"><span class=\"WdYUQQ text-decoration-none text-strikethrough-none\">Veitingasta\u00f0urinn okkar, Frystiklefinn, b\u00fd\u00f0ur upp \u00e1 spennandi matse\u00f0il sem inniheldur b\u00e6\u00f0i al\u00fej\u00f3\u00f0lega og \u00edslenska r\u00e9tti, vi\u00f0 notumst vi\u00f0 sta\u00f0bundi\u00f0 hr\u00e1efni sem kemur beint fr\u00e1 b\u00fdli og n\u00e6rumhverfi.<\/span><\/p>\n<p class=\"_04xlpA direction-ltr align-center para-style-body\">\n<p class=\"_04xlpA direction-ltr align-center para-style-body\"><span class=\"WdYUQQ text-decoration-none text-strikethrough-none\">Vinalegt og velkomi\u00f0 andr\u00famsloft b\u00ed\u00f0ur \u00fe\u00edn \u00ed Bl\u00e1bj\u00f6rgum!<\/span><\/p>\n<\/div>\n\t\t\t\t\t<\/div><div class=\"eael-accordion-list\">\n\t\t\t\t\t<div id=\"afbkunarskilmlar\" class=\"elementor-tab-title eael-accordion-header\" tabindex=\"0\" data-tab=\"11\" aria-controls=\"elementor-tab-content-11311\"><span class=\"eael-advanced-accordion-icon-closed\"><i aria-hidden=\"true\" class=\"fa-accordion-icon fas fa-plus\"><\/i><\/span><span class=\"eael-advanced-accordion-icon-opened\"><i aria-hidden=\"true\" class=\"fa-accordion-icon fas fa-minus\"><\/i><\/span><span class=\"eael-accordion-tab-title\">Afb\u00f3kunarskilm\u00e1lar<\/span><i aria-hidden=\"true\" class=\"fa-toggle fas fa-angle-right\"><\/i><\/div><div id=\"elementor-tab-content-11311\" class=\"eael-accordion-content clearfix\" data-tab=\"11\" aria-labelledby=\"afbkunarskilmlar\"><h3>Gisting<\/h3>\n<p><strong>Einstaklingsb\u00f3kanir<\/strong><br \/><span class=\"WdYUQQ text-decoration-none text-strikethrough-none\">\u00deegar 6 e\u00f0a f\u00e6rri eru a\u00f0 fer\u00f0ast saman telst \u00fea\u00f0 vera einstaklingsb\u00f3kun. H\u00e6gt er a\u00f0 afpanta \u00e1n afp\u00f6ntunargjalda 24klst fyrir komu, mi\u00f0a\u00f0 vi\u00f0 a\u00f0 innritunart\u00edminn s\u00e9 klukkan 15:00<\/span><\/p>\n<p class=\"_04xlpA direction-ltr align-center para-style-body\"><span class=\"WdYUQQ text-decoration-none text-strikethrough-none\">Ef afpantanir berast innan 24klst ver\u00f0ur 100% afp\u00f6ntunargjald innheimt.<\/span><\/p>\n<p><strong>H\u00f3pab\u00f3kanir<\/strong><\/p>\n<p>\u00deegar 7 e\u00f0a fleiri eru a\u00f0 fer\u00f0ast saman er \u00fea\u00f0 skilgreind sem h\u00f3pb\u00f3kun. <span class=\"WdYUQQ text-decoration-none text-strikethrough-none\">Ekki er krafist fyrirframgrei\u00f0slu fyrir h\u00f3pab\u00f3kanir, \u00fe\u00f3 \u00e1skiljum vi\u00f0 okkur r\u00e9tt til a\u00f0 bi\u00f0ja um fyrirframgrei\u00f0slur s\u00e9 \u00e1st\u00e6\u00f0a til. Nafnalista skal afhenda minnst 4 vikum fyrir komu.<\/span><\/p>\n<ul>\n<li><span class=\"WdYUQQ text-decoration-none text-strikethrough-none\">Ef afb\u00f3ka\u00f0<\/span> <span class=\"WdYUQQ text-decoration-none text-strikethrough-none\">er me\u00f0 8 vikna fyrirvara falla<\/span> <span class=\"WdYUQQ text-decoration-none text-strikethrough-none\">ekki afb\u00f3kunargj\u00f6ld \u00e1 b\u00f3kunina.<\/span><\/li>\n<li><span class=\"WdYUQQ text-decoration-none text-strikethrough-none\">Ef afb\u00f3ka\u00f0 er me\u00f0<\/span> <span class=\"WdYUQQ text-decoration-none text-strikethrough-none\">8-6 vikna fyrirvara<\/span> <span class=\"WdYUQQ text-decoration-none text-strikethrough-none\">er 10% afb\u00f3kunagjalds krafist<\/span><\/li>\n<li><span class=\"WdYUQQ text-decoration-none text-strikethrough-none\">Ef afb\u00f3ka\u00f0<\/span> <span class=\"WdYUQQ text-decoration-none text-strikethrough-none\">er me\u00f0 6-4 vikna fyrirvara<\/span> <span class=\"WdYUQQ text-decoration-none text-strikethrough-none\">er 50% afb\u00f3kunagjalds krafist<\/span><\/li>\n<li><span class=\"WdYUQQ text-decoration-none text-strikethrough-none\">Ef afb\u00f3ka\u00f0<\/span> <span class=\"WdYUQQ text-decoration-none text-strikethrough-none\">er me\u00f0 4-2 vikna fyrirvara<\/span> <span class=\"WdYUQQ text-decoration-none text-strikethrough-none\">er 90% afb\u00f3kunagjalds krafist<\/span><\/li>\n<li><span class=\"WdYUQQ text-decoration-none text-strikethrough-none\">Ef afb\u00f3ka\u00f0<\/span> <span class=\"WdYUQQ text-decoration-none text-strikethrough-none\">er me\u00f0 2 vikna fyrirvara<\/span> <span class=\"WdYUQQ text-decoration-none text-strikethrough-none\">er 100% afb\u00f3kunagjalds krafist<\/span><\/li>\n<\/ul>\n<h3>H\u00f3pab\u00f3kanir \u00e1 veitingasta\u00f0:<\/h3>\n<p class=\"_04xlpA direction-ltr align-center para-style-body\"><span class=\"WdYUQQ text-decoration-none text-strikethrough-none\">Eftirfarandi skilm\u00e1lar gilda fyrir h\u00f3pab\u00f3kanir \u00e1 Frystiklefanum:<\/span><\/p>\n<p class=\"_04xlpA direction-ltr align-center para-style-body\"><span class=\"WdYUQQ text-decoration-none text-strikethrough-none\">\u00deegar h\u00f3par pantar, 10 e\u00f0a fleiri, \u00fe\u00e1 bj\u00f3\u00f0um vi\u00f0 1 fr\u00eda m\u00e1lt\u00ed\u00f0 fyrir lei\u00f0s\u00f6gumann, h\u00f3pstj\u00f3ra e\u00f0a b\u00edlstj\u00f3ra.<\/span><\/p>\n<p class=\"_04xlpA direction-ltr align-center para-style-body\"><span class=\"WdYUQQ text-decoration-none text-strikethrough-none\">Einungis geta h\u00f3par sem hafa b\u00f3ka\u00f0 allt gistih\u00fasi\u00f0 geta nota\u00f0 sameiginlega eldh\u00fasi\u00f0 \u00ed gistih\u00fasinu. \u00der\u00edfa \u00fearf eldh\u00fasi\u00f0 og skilja eftir \u00ed vi\u00f0unandi \u00e1standi, annars b\u00e6tist vi\u00f0 auka\u00ferifgjald a\u00f0 l\u00e1gmarki 30.000kr.<\/span><\/p>\n<p class=\"_04xlpA direction-ltr align-center para-style-body\"><span class=\"WdYUQQ text-decoration-none text-strikethrough-none\">H\u00f3par sem eru 7 manns e\u00f0a fleiri, sem a\u00f0eins hafa b\u00f3ka\u00f0 gistiheimili\u00f0 a\u00f0 hluta, \u00feurfa \u00fev\u00ed a\u00f0 panta bor\u00f0 \u00e1 veitingasta\u00f0num okkar eigi s\u00ed\u00f0ar en 7 d\u00f6gum fyrir komu og \u00feurfa a\u00f0 tilkynna matse\u00f0ill eigi s\u00ed\u00f0an en 3 d\u00f6gum fyrir komu. H\u00f3pamatse\u00f0ill m\u00e1 finna \u00e1 vefs\u00ed\u00f0unni okkar.<\/span><\/p>\n<p class=\"_04xlpA direction-ltr align-center para-style-body\"><span class=\"WdYUQQ text-decoration-none text-strikethrough-none\">Afp\u00f6ntun allt a\u00f0 10% af heildarfj\u00f6lda h\u00f3pa, h\u00e6gt a\u00f0 afpanta me\u00f0 3 daga fyrirvara.<\/span><\/p>\n<p class=\"_04xlpA direction-ltr align-center para-style-body\"><span class=\"WdYUQQ text-decoration-none text-strikethrough-none\">Afb\u00f3kanir skulu \u00e1vallt berast skriflega \u00e1 netfangi\u00f0 okkar, bookings@blabjorg.is<\/span><\/p>\n<p class=\"_04xlpA direction-ltr align-center para-style-body\"><span class=\"WdYUQQ text-decoration-none text-strikethrough-none\">Afb\u00f3kanir sem berast innan 3ja daga eru gjaldf\u00e6r\u00f0ar a\u00f0 fullu.<\/span><\/p>\n<h3>Musteri\u00f0 Spa b\u00f3kanir<\/h3>\n<p class=\"_04xlpA direction-ltr align-center para-style-body\"><span class=\"WdYUQQ text-decoration-none text-strikethrough-none\">H\u00f3parb\u00f3kanir \u00feurfa alltaf a\u00f0 b\u00f3ka fyrirfram til a\u00f0 tryggja a\u00f0 \u00fea\u00f0 s\u00e9 laust pl\u00e1ss.<\/span><\/p>\n<p class=\"_04xlpA direction-ltr align-center para-style-body\"><span class=\"WdYUQQ text-decoration-none text-strikethrough-none\">Afb\u00f3kanir e\u00f0a breytingar \u00fearf alltaf a\u00f0 gera 24klst fyrir panta\u00f0an t\u00edma. Ef afpanta\u00f0 e\u00f0a breytt b\u00f3kun innan 24klst ver\u00f0ur gjald innheimt fyrir panta\u00f0an t\u00edma og me\u00f0fer\u00f0ir.<\/span><\/p>\n<\/div>\n\t\t\t\t\t<\/div><\/div>\t\t\t\t<\/div>\n\t\t\t\t<\/div>\n\t\t\t\t\t<\/div>\n\t\t<\/div>\n\t\t\t\t\t<\/div>\n\t\t<\/section>\n\t\t\t\t<\/div>\n\t\t","protected":false},"excerpt":{"rendered":"<p>Hvernig er \u00e1stand \u00e1 vegum \u00e1 veturna? \u00dea\u00f0 fyrsta sem gott er a\u00f0 vita a\u00f0 vegurinn til Borgarfjar\u00f0ar eystri, vegur n\u00famer 94, er malbika\u00f0ur alla lei\u00f0 fr\u00e1 Egilsst\u00f6\u00f0um. \u00dear \u00e1 me\u00f0al Vatnsskar\u00f0 eystra. Akstur ni\u00f0ur Vatnsskar\u00f0 eystra \u00e1 veturna. Yfir vetrarm\u00e1nu\u00f0ina er m\u00e6lt me\u00f0 4&#215;4 b\u00edl sem og b\u00edl sem er \u00e1 nagladekkjum. Mikilv\u00e6gt er [&hellip;]<\/p>\n","protected":false},"author":1,"featured_media":0,"parent":0,"menu_order":0,"comment_status":"closed","ping_status":"closed","template":"","meta":{"footnotes":""},"class_list":["post-4385","page","type-page","status-publish","hentry"],"_links":{"self":[{"href":"https:\/\/blabjorg.is\/is\/wp-json\/wp\/v2\/pages\/4385","targetHints":{"allow":["GET"]}}],"collection":[{"href":"https:\/\/blabjorg.is\/is\/wp-json\/wp\/v2\/pages"}],"about":[{"href":"https:\/\/blabjorg.is\/is\/wp-json\/wp\/v2\/types\/page"}],"author":[{"embeddable":true,"href":"https:\/\/blabjorg.is\/is\/wp-json\/wp\/v2\/users\/1"}],"replies":[{"embeddable":true,"href":"https:\/\/blabjorg.is\/is\/wp-json\/wp\/v2\/comments?post=4385"}],"version-history":[{"count":3,"href":"https:\/\/blabjorg.is\/is\/wp-json\/wp\/v2\/pages\/4385\/revisions"}],"predecessor-version":[{"id":4388,"href":"https:\/\/blabjorg.is\/is\/wp-json\/wp\/v2\/pages\/4385\/revisions\/4388"}],"wp:attachment":[{"href":"https:\/\/blabjorg.is\/is\/wp-json\/wp\/v2\/media?parent=4385"}],"curies":[{"name":"wp","href":"https:\/\/api.w.org\/{rel}","templated":true}]}}